{"id":23,"date":"2023-03-14T09:59:38","date_gmt":"2023-03-14T09:59:38","guid":{"rendered":"http:\/\/flash-com.pl\/spwyszkow\/?page_id=23"},"modified":"2023-03-14T11:27:24","modified_gmt":"2023-03-14T11:27:24","slug":"statut","status":"publish","type":"page","link":"http:\/\/flash-com.pl\/spwyszkow\/statut\/","title":{"rendered":"statut"},"content":{"rendered":"\n<p><strong>STATUT<\/strong><\/p>\n\n\n\n<p><strong>Stowarzyszenie Przyjaci\u00f3\u0142 Wyszkowa, Puszczy Bia\u0142ej i Kamienieckiej<\/strong><\/p>\n\n\n\n<p><strong>Rozdzia\u0142 I<\/strong><\/p>\n\n\n\n<p><strong>Postanowienia og\u00f3lne<\/strong><\/p>\n\n\n\n<ul class=\"wp-block-list\">\n<li>1 . Stowarzyszenie nosi nazw\u0119: \u201eStowarzyszenie Przyjaci\u00f3\u0142 Wyszkowa, Puszczy Bia\u0142ej Kamienieckiej\u201d \u2013 zwane w dalszym ci\u0105gu Stowarzyszeniem.<\/li>\n<\/ul>\n\n\n\n<ul class=\"wp-block-list\">\n<li>2 . Siedzib\u0105 Stowarzyszenia jest miasto Wyszk\u00f3w nad Bugiem.<\/li>\n<\/ul>\n\n\n\n<ul class=\"wp-block-list\">\n<li>3 . Stowarzyszenie dzia\u0142a na podstawie przepis\u00f3w prawa oraz niniejszego Statutu.<\/li>\n\n\n\n<li>4 . Czas dzia\u0142ania Stowarzyszenia jest nieograniczony.<\/li>\n<\/ul>\n\n\n\n<ul class=\"wp-block-list\">\n<li>5 . Terenem dzia\u0142ania Stowarzyszenia jest obszar Rzeczpospolitej Polskiej oraz zagranica.<\/li>\n<\/ul>\n\n\n\n<ul class=\"wp-block-list\">\n<li>6 . Pierwszoplanowym terenem dzia\u0142ania jest miasto Wyszk\u00f3w nad Bugiem, Puszcza Bia\u0142a i Kamieniecka \u2013 w swych historycznych, etnograficznych i geograficznych granicach.<\/li>\n<\/ul>\n\n\n\n<ul class=\"wp-block-list\">\n<li>7 . Stowarzyszenie ma prawo organizowa\u0107 Kluby i ko\u0142a zrzeszaj\u0105ce swych cz\u0142onk\u00f3w.<\/li>\n<\/ul>\n\n\n\n<p>Kluby zrzeszaj\u0105 od 2 \u2013 6 k\u00f3\u0142.<\/p>\n\n\n\n<p>Ko\u0142o reprezentuje przewodnicz\u0105cy.<\/p>\n\n\n\n<ol class=\"wp-block-list\">\n<li>Ko\u0142o powinno liczy\u0107 co najmniej 5 cz\u0142onk\u00f3w. Na czele ko\u0142a stoi przewodnicz\u0105cy i sekretarz. Funkcj\u0119 skarbnika mo\u017ce powierzy\u0107 zebranie ko\u0142a tak\u017ce przewodnicz\u0105cemu lub sekretarzowi.<\/li>\n\n\n\n<li>W ko\u0142ach licz\u0105cych powy\u017cej 15 cz\u0142onk\u00f3w Walne Zebranie Ko\u0142a wybiera przewodnicz\u0105cego, sekretarza, skarbnika, wiceprzewodnicz\u0105cego i kronikarza.<\/li>\n<\/ol>\n\n\n\n<p>III. W ko\u0142ach licz\u0105cych powy\u017cej 15 cz\u0142onk\u00f3w wybierane s\u0105 Komisje Rewizyjne w 3 -osobowym sk\u0142adzie.<\/p>\n\n\n\n<ol class=\"wp-block-list\">\n<li>Komisje Rewizyjne czuwaj\u0105 nad prawid\u0142owo\u015bci\u0105 dzia\u0142ania Zarz\u0105d\u00f3w K\u00f3\u0142, oraz zgodno\u015bci Uchwa\u0142 Zarz\u0105d\u00f3w ze Statutem Stowarzyszenia.<\/li>\n<\/ol>\n\n\n\n<p>Na wniosek Komisji Rewizyjnej mo\u017ce by\u0107 zwo\u0142ane nadzwyczajne Walne Zebranie Ko\u0142a w celu rozwi\u0105zania nieprawid\u0142owo dzia\u0142aj\u0105cego Zarz\u0105du Ko\u0142a, oraz wyboru nowych w\u0142adz.<\/p>\n\n\n\n<ul class=\"wp-block-list\">\n<li>6 . a) Spos\u00f3b prowadzenia gospodarki finansowo materia\u0142owej w ko\u0142ach okre\u015bla \u201eInstrukcja kasowo-materia\u0142owa\u201d ustalona decyzj\u0105 Zarz\u0105du Stowarzyszenia.<\/li>\n<\/ul>\n\n\n\n<ol class=\"wp-block-list\">\n<li>b) W przypadku dzia\u0142alno\u015bci Ko\u0142a naruszaj\u0105cej Statut w\u0142adze naczelne Stowarzyszenia mog\u0105 zawiesi\u0107 dzia\u0142alno\u015b\u0107 Ko\u0142a.<\/li>\n\n\n\n<li>c) Na obszarze drugoplanowym Ko\u0142a mog\u0105 liczy\u0107 od 5 do oko\u0142o 30 cz\u0142onk\u00f3w.<\/li>\n\n\n\n<li>d) Spos\u00f3b prowadzenia ksi\u0119gi ewidencyjnej Ko\u0142a okre\u015bla decyzja Zarz\u0105du Stowarzyszenia.<\/li>\n\n\n\n<li>e) Kluby zrzeszaj\u0105 co najmniej 2 Ko\u0142a.<\/li>\n<\/ol>\n\n\n\n<p>W\u0142adze naczelne Stowarzyszenia s\u0105 tak\u017ce w\u0142adzami naczelnymi Klubu Wyszkowa.<\/p>\n\n\n\n<p>Na czele Klubu stoi prezes.<\/p>\n\n\n\n<p>Kluby Terenowe wybieraj\u0105 Prezesa.<\/p>\n\n\n\n<p>W wyborze uczestnicz\u0105 przedstawiciele Zarz\u0105d\u00f3w K\u00f3\u0142 w ilo\u015bci 3 os\u00f3b z ka\u017cdego Ko\u0142a.<\/p>\n\n\n\n<p>Prezes Klubu koordynuje dzia\u0142alno\u015b\u0107 K\u00f3\u0142 na danym obszarze.<\/p>\n\n\n\n<p>Mo\u017ce by\u0107 wybierany wiceprezes i Sekretarz Klubu.<\/p>\n\n\n\n<p>Wyboru mo\u017cna dokonywa\u0107 tylko z grona przedstawicieli.<\/p>\n\n\n\n<p>Przedstawicielami s\u0105 osoby pe\u0142ni\u0105ce funkcje kierownicze we w\u0142adzach K\u00f3\u0142.<\/p>\n\n\n\n<ol class=\"wp-block-list\">\n<li>f) W ko\u0142ach licz\u0105cych powy\u017cej 15 do oko\u0142o 30 cz\u0142onk\u00f3w Walne Zebranie Ko\u0142a wybiera Przewodnicz\u0105cego, Sekretarza, Skarbnika oraz Wiceprzewodnicz\u0105cego i Kronikarza. W Ko\u0142ach licz\u0105cych powy\u017cej 15 do oko\u0142o 30 cz\u0142onk\u00f3w wybierane s\u0105 Komisje Rewizyjne z przewodnicz\u0105cym na czele.<\/li>\n\n\n\n<li>g) Komisje Rewizyjne czuwaj\u0105 nad prawid\u0142owo\u015bci\u0105 dzia\u0142ania Zarz\u0105d\u00f3w K\u00f3\u0142, zgodno\u015bci\u0105 Uchwa\u0142 Zarz\u0105d\u00f3w ze Statutem Stowarzyszenia. Na czele Komisji Rewizyjnej stoi Przewodnicz\u0105cy.<\/li>\n<\/ol>\n\n\n\n<ul class=\"wp-block-list\">\n<li>7 . Stowarzyszenie ma prawo prowadzi\u0107 dzia\u0142alno\u015b\u0107 gospodarcz\u0105. Dochody z tej dzia\u0142alno\u015bci przeznaczone s\u0105 na cele statutowe. O podj\u0119ciu dzia\u0142alno\u015bci gospodarczej decyduje Zarz\u0105d.<\/li>\n<\/ul>\n\n\n\n<p><strong>Rozdzia\u0142 II<\/strong><\/p>\n\n\n\n<p><strong>Cel i \u015brodki dzia\u0142ania<\/strong><\/p>\n\n\n\n<ul class=\"wp-block-list\">\n<li>8 . Celem Stowarzyszenia jest:<\/li>\n<\/ul>\n\n\n\n<p>1 . Ratowanie od zapomnienia, ochrona i upowszechnienie \u015blad\u00f3w i pami\u0105tek przesz\u0142o\u015bci w postaci obiekt\u00f3w materialnych i warto\u015bci niematerialnych \/duchowych\/.<\/p>\n\n\n\n<p>2 . W oparciu i na podstawie wymienionych w punkcie 1 warto\u015bci: wsp\u00f3\u0142tworzenie tera\u017aniejszo\u015bci i wspo\u0142planowanie przysz\u0142o\u015bci.<\/p>\n\n\n\n<p>3 . Wsp\u00f3\u0142praca i wsp\u00f3\u0142dzia\u0142anie z innymi instytucjami i organizacjami o celach dzia\u0142ania zbie\u017cnym z celami Stowarzyszenia.<\/p>\n\n\n\n<ul class=\"wp-block-list\">\n<li>9 . Stowarzyszenie cele statutowe osi\u0105ga przez:<\/li>\n<\/ul>\n\n\n\n<ol class=\"wp-block-list\">\n<li>a) ewidencjonowanie materialnych \u015blad\u00f3w i pami\u0105tek przesz\u0142o\u015bci w fotografii i zapisie jak: kapliczki, krzy\u017ce przydro\u017cne, wszelkiego rodzaju pomniki, samotne jak i zbiorcze mogi\u0142y, zabytkowe budowle, drzewa -pomniki przyrody, rzadkie okazy flory i fauny itp.<\/li>\n\n\n\n<li>b) zbieranie, gromadzenie i utrwalanie w zapisie, a ta\u015bmach i fotografii dawnych pie\u015bni, przy\u015bpiewek, piosenek, ta\u0144c\u00f3w i melodii oraz miejscowych legend, przys\u0142ow, przypowie\u015bci, obrz\u0119d\u00f3w i obyczaj\u00f3w, tudzie\u017c ustnych przekaz\u00f3w historycznych danych miejscowo\u015bci, z podaniem ich \u017ar\u00f3d\u0142a.<\/li>\n\n\n\n<li>c) wsp\u00f3\u0142dzia\u0142anie z wydzia\u0142ami kultury poszczeg\u00f3lnych gmin, szko\u0142ami, sp\u00f3\u0142dzielniami, oddzia\u0142ami Stra\u017cy Po\u017carnej, harcerstwa, organizacjami m\u0142odzie\u017cowymi i innymi podobnymi organizacjami i instytucjami.<\/li>\n\n\n\n<li>d) wsp\u00f3\u0142dzia\u0142anie z istniej\u0105cymi Amatorskimi Zespo\u0142ami Teatralnymi, \u015bpiewaczymi, \u017cywego s\u0142owa, kabaretami, i inicjowanie powstawania nowych podobnych zespo\u0142\u00f3w.<\/li>\n\n\n\n<li>e) popularyzacja czysto\u015bci j\u0119zyka polskiego, z jednoczesnym w\u0142a\u015bciwym ustosunkowaniem si\u0119 do relikt\u00f3w miejscowej gwary.<\/li>\n\n\n\n<li>f) przywracanie kultury \u017cycia spo\u0142ecznego i jego upowszechnienie przez propagowanie \u017cyczliwo\u015bci, wsp\u00f3\u0142czucia, etyki, punktualno\u015bci, poszanowanie odmiennych pogl\u0105d\u00f3w lokalnego narodowego patriotyzmu i tym podobnych dodatnich cech ludzkiego charakteru.<\/li>\n\n\n\n<li>g) inicjowanie i pomaganie w organizowaniu \u015bwi\u0105t i rocznic pa\u0144stwowych,<\/li>\n\n\n\n<li>h) wsp\u00f3\u0142dzia\u0142anie w zakresie ochrony \u015brodowiska naturalnego obszaru Puszczy Bia\u0142ej i Kamienickiej.<\/li>\n<\/ol>\n\n\n\n<p><strong>Rozdzia\u0142 III.<\/strong><\/p>\n\n\n\n<p><strong>Cz\u0142onkowie \u2013 ich prawa i obowi\u0105zki.<\/strong><\/p>\n\n\n\n<ul class=\"wp-block-list\">\n<li>10. Cz\u0142onkowie Stowarzyszenia dziel\u0105 si\u0119 na:<\/li>\n<\/ul>\n\n\n\n<p>\u2013 rzeczywistych<\/p>\n\n\n\n<p>\u2013 honorowych<\/p>\n\n\n\n<p>\u2013 wspieraj\u0105cych.<\/p>\n\n\n\n<ul class=\"wp-block-list\">\n<li>11. Cz\u0142onkiem rzeczywistym mo\u017ce zosta\u0107 ka\u017cdy, kto akceptuje cele statutowe&nbsp;&nbsp;&nbsp;&nbsp;&nbsp;&nbsp;&nbsp;&nbsp;&nbsp;&nbsp; Stowarzyszenia. Cz\u0142onk\u00f3w rzeczywistych przyjmuje Zarz\u0105d na podstawie pisemnej deklaracji.<\/li>\n<\/ul>\n\n\n\n<ul class=\"wp-block-list\">\n<li>12. Cz\u0142onek rzeczywisty ma prawo:<\/li>\n<\/ul>\n\n\n\n<p>1\/ wybiera\u0107 i by\u0107 wybieranym do w\u0142adz Stowarzyszenia,<\/p>\n\n\n\n<p>2\/ uczestniczy\u0107 w zgromadzeniach i zebraniach Stowarzyszenia oraz w posiedzeniach zarz\u0105du w przypadku, gdy jest o danym cz\u0142onku mowa,<\/p>\n\n\n\n<p>3\/ zg\u0142asza\u0107 wnioski i postulaty do w\u0142adz Stowarzyszenia, r\u00f3wnie\u017c co do oceny dzia\u0142alno\u015bci tych w\u0142adz.<\/p>\n\n\n\n<ul class=\"wp-block-list\">\n<li>13. Cz\u0142onek rzeczywisty zobowi\u0105zany jest do:<\/li>\n<\/ul>\n\n\n\n<p>1\/ przestrzegania postanowie\u0144 Statutu,<\/p>\n\n\n\n<p>2\/ czynnego udzia\u0142u w pracach Stowarzyszenia,<\/p>\n\n\n\n<p>3\/ regularnego op\u0142acania sk\u0142adek cz\u0142onkowskich.<\/p>\n\n\n\n<ul class=\"wp-block-list\">\n<li>14.&nbsp;&nbsp; Cz\u0142onkostwo rzeczywiste ustaje na skutek:<\/li>\n<\/ul>\n\n\n\n<p>1\/ dobrowolnego ust\u0105pienia,<\/p>\n\n\n\n<p>2\/ skre\u015blenia z listy cz\u0142onk\u00f3w z powodu zalegania z op\u0142at\u0105 sk\u0142adek cz\u0142onkowskich za&nbsp;&nbsp;&nbsp;&nbsp;&nbsp;&nbsp; okres jednego roku,<\/p>\n\n\n\n<p>3\/ wykluczenia cz\u0142onka za dzia\u0142alno\u015b\u0107 na szkod\u0119 Stowarzyszenia lub w przypadku pozbawienia cz\u0142onka przez s\u0105d praw publicznych \/uchwa\u0142\u0119 o wykluczeniu cz\u0142onka podejmuje Walne Zgromadzenie, Zarz\u0105d ma prawo tylko zawiesi\u0107 cz\u0142onka w czynno\u015bciach\/<\/p>\n\n\n\n<p>4\/ zgonu<\/p>\n\n\n\n<ul class=\"wp-block-list\">\n<li>15. 1\/ Cz\u0142onkostwo honorowe nadaje Walne Zgromadzeni Cz\u0142onk\u00f3w Stowarzyszenia na wniosek Zarz\u0105du lub jednej pi\u0105tej uczestnik\u00f3w prawomocnego Walnego Zgromadzenia.<\/li>\n<\/ul>\n\n\n\n<p>2\/ cz\u0142onkowie honorowi s\u0105 zwolnieni z op\u0142at cz\u0142onkowskich ,<\/p>\n\n\n\n<p>3\/ poza zwolnieniem z op\u0142acania sk\u0142adek cz\u0142onkowskich cz\u0142onek honorowy ma takie same prawa i obowi\u0105zki jak cz\u0142onek rzeczywisty.<\/p>\n\n\n\n<ul class=\"wp-block-list\">\n<li>16. Cz\u0142onkiem wspieraj\u0105cym mo\u017ce zosta\u0107 osoba fizyczna lub prawna, uznaj\u0105ca postanowienia Statutu oraz:<\/li>\n<\/ul>\n\n\n\n<p>1\/ op\u0142aca sk\u0142adk\u0119 cz\u0142onkowsk\u0105 i wywi\u0105zuje si\u0119 z innych zdeklarowanych zobowi\u0105za\u0144,<\/p>\n\n\n\n<p>2\/ cz\u0142onek wspieraj\u0105cy nie posiada czynnego i biernego prawa wyborczego.<\/p>\n\n\n\n<ul class=\"wp-block-list\">\n<li>17. Cz\u0142onkostwo wspieraj\u0105ce ustaje na skutek: dobrowolnego wyst\u0105pienia, braku kontakt\u00f3w ze Stowarzyszeniem przez ponad 1 rok.<\/li>\n<\/ul>\n\n\n\n<p><strong>Rozdzia\u0142 IV<\/strong><\/p>\n\n\n\n<p><strong>Organy Stowarzyszenia<\/strong><\/p>\n\n\n\n<ul class=\"wp-block-list\">\n<li>18. Organami Stowarzyszenia s\u0105:<\/li>\n<\/ul>\n\n\n\n<p>1\/ Walne Zgromadzenie Cz\u0142onk\u00f3w,<\/p>\n\n\n\n<p>2\/ Zarz\u0105d Stowarzyszenia,<\/p>\n\n\n\n<p>3\/ Komisja Rewizyjna,<\/p>\n\n\n\n<p>4\/ S\u0105d Kole\u017ce\u0144ski.<\/p>\n\n\n\n<ul class=\"wp-block-list\">\n<li>19. Kadencja wszystkich organ\u00f3w Stowarzyszenia trwa 2 lata, a wybory odbywaj\u0105 si\u0119 w g\u0142osowaniu jawnym.<\/li>\n<\/ul>\n\n\n\n<ul class=\"wp-block-list\">\n<li>20. 1\/ Najwy\u017csz\u0105 w\u0142adz\u0105 Stowarzyszenia jest Walne Zgromadzenie Cz\u0142onk\u00f3w,<\/li>\n<\/ul>\n\n\n\n<p>2\/ Uchwa\u0142y Walnego Zgromadzenia zapadaj\u0105 zwyk\u0142\u0105 wi\u0119kszo\u015bci\u0105 g\u0142os\u00f3w przy obecno\u015bci co najmniej po\u0142owy og\u00f3lnej liczby cz\u0142onk\u00f3w uprawnionych do g\u0142osowania w pierwszym terminie, w drugim za\u015b \u2013 bez wzgl\u0119du na liczb\u0119 obecnych,<\/p>\n\n\n\n<p>3\/ Walne Zgromadzenie mo\u017ce by\u0107 zwyczajne lub nadzwyczajne.<\/p>\n\n\n\n<ul class=\"wp-block-list\">\n<li>21. Do kompetencji Walnego Zgromadzenia Cz\u0142onk\u00f3w nale\u017cy:<\/li>\n<\/ul>\n\n\n\n<p>1\/ przyjmowanie sprawozda\u0144 z dzia\u0142alno\u015bci Zarz\u0105du, Komisji Rewizyjnej i S\u0105du Kole\u017ce\u0144skiego,<\/p>\n\n\n\n<p>2\/ udzielanie absolutorium Zarz\u0105dowi na wniosek Komisji Rewizyjnej,<\/p>\n\n\n\n<p>3\/ co 2 lata wyb\u00f3r cz\u0142onk\u00f3w Zarz\u0105du, Komisji Rewizyjnej i S\u0105du Kole\u017ce\u0144skiego,<\/p>\n\n\n\n<p>4\/ zwo\u0142ywanie raz w roku og\u00f3lnego sprawozdawczego zebrania wszystkich cz\u0142onk\u00f3w,<\/p>\n\n\n\n<p>5\/ nadawanie godno\u015bci cz\u0142onkostwa honorowego,<\/p>\n\n\n\n<p>6\/ uchwalanie wysoko\u015bci sk\u0142adek cz\u0142onkowskich i wpisowego,<\/p>\n\n\n\n<p>7\/ podejmowanie uchwa\u0142 w zmianie Statutu,<\/p>\n\n\n\n<p>8\/ podejmowanie uchwa\u0142 o rozwi\u0105zaniu si\u0119 Stowarzyszenia,<\/p>\n\n\n\n<p>9\/ wszelkie inne sprawy nie nale\u017c\u0105ce do kompetencji innych organ\u00f3w Stowarzyszenia.<\/p>\n\n\n\n<ul class=\"wp-block-list\">\n<li>22. W Walnym Zgromadzeniu z g\u0142osem stanowi\u0105cym bior\u0105 udzia\u0142:<\/li>\n<\/ul>\n\n\n\n<p>1\/ cz\u0142onkowie rzeczywi\u015bci,<\/p>\n\n\n\n<p>2\/ cz\u0142onkowie honorowi,<\/p>\n\n\n\n<p>3\/ cz\u0142onkowie wspieraj\u0105cy, ale bez czynnego i biernego prawa wyborczego.<\/p>\n\n\n\n<ul class=\"wp-block-list\">\n<li>23. O terminie i miejscu obrad Walnego Zgromadzenia, z podaniem porz\u0105dku dziennego, Zarz\u0105d zawiadamia cz\u0142onk\u00f3w na 14 dni przed Walnym Zgromadzeniem.<\/li>\n<\/ul>\n\n\n\n<ul class=\"wp-block-list\">\n<li>24. 1\/ Nadzwyczajne Walne Zgromadzenie Cz\u0142onk\u00f3w mo\u017ce by\u0107 zwo\u0142ane na wniosek Zarz\u0105du, Komisji Rewizyjnej lub jednej trzeciej liczby cz\u0142onk\u00f3w Stowarzyszenia.<\/li>\n<\/ul>\n\n\n\n<p>2\/ Nadzwyczajne Walne Zgromadzenie winno by\u0107 og\u0142oszone na 21 dni przed terminem i obradowa\u0107 nad sprawami dla kt\u00f3rych zosta\u0142o zwo\u0142ane.<\/p>\n\n\n\n<ul class=\"wp-block-list\">\n<li>25. Zarz\u0105d Stowarzyszenia sprawuje w\u0142adz\u0119 mi\u0119dzy Walnymi Zgromadzeniami.<\/li>\n<\/ul>\n\n\n\n<ul class=\"wp-block-list\">\n<li>26. W sk\u0142ad Zarz\u0105du wchodzi od 5 do 9 cz\u0142onk\u00f3w wybranych na Walnym Zgromadzeniu.<\/li>\n<\/ul>\n\n\n\n<ul class=\"wp-block-list\">\n<li>27. Zarz\u0105d Stowarzyszenia wybierze ze swego grona: prezesa, dw\u00f3ch lub wi\u0119cej wiceprezes\u00f3w, sekretarza i skarbnika.<\/li>\n<\/ul>\n\n\n\n<ul class=\"wp-block-list\">\n<li>28. Do kompetencji Zarz\u0105du nale\u017cy:<\/li>\n<\/ul>\n\n\n\n<p>1\/ reprezentowanie Stowarzyszenia i dzia\u0142anie w jego imieniu,<\/p>\n\n\n\n<p>2\/ kierowanie dzia\u0142alno\u015bci\u0105 Stowarzyszenia zgodnie z postanowieniami Statutu i uchwa\u0142ami Walnego Zgromadzenia,<\/p>\n\n\n\n<p>3\/ przyjmowanie nowych cz\u0142onk\u00f3w<\/p>\n\n\n\n<p>4\/ wy\u0142anianie Komisji Problemowych,<\/p>\n\n\n\n<p>5\/ zarz\u0105dzanie maj\u0105tkiem i funduszami Stowarzyszenia,<\/p>\n\n\n\n<p>6\/ wszelkie inne sprawy przekazane przez Walne Zgromadzenia.<\/p>\n\n\n\n<ul class=\"wp-block-list\">\n<li>29. Zarz\u0105d Stowarzyszenia zbiera si\u0119 co najmniej raz na trzy miesi\u0105ce. W wypadku nag\u0142ej konieczno\u015bci Prezes Stowarzyszenia mo\u017ce podj\u0105\u0107 decyzj\u0119 zgodn\u0105 ze statutem i instrukcjami Zarz\u0105du. Decyzje Prezesa i Zarz\u0105du sprzeczne ze Statutem i przepisami prawa s\u0105 niewa\u017cne.<\/li>\n<\/ul>\n\n\n\n<ul class=\"wp-block-list\">\n<li>30. Uchwa\u0142y Zarz\u0105du zapadaj\u0105 zwyk\u0142\u0105 wi\u0119kszo\u015bci\u0105 g\u0142os\u00f3w przy obecno\u015bci co najmniej po\u0142owy cz\u0142onk\u00f3w Zarz\u0105du, w tym prezesa lub wiceprezesa, w przypadku r\u00f3wno\u015bci g\u0142os\u00f3w rozstrzyga g\u0142os przewodnicz\u0105cego zebrania.<\/li>\n<\/ul>\n\n\n\n<ul class=\"wp-block-list\">\n<li>31. W przypadku trwa\u0142ej niemo\u017cno\u015bci pe\u0142nienia funkcji przez po\u0142ow\u0119 cz\u0142onk\u00f3w Zarz\u0105du, w tym przewodnicz\u0105cego (prezesa), winno by\u0107 zwo\u0142ane nadzwyczajne Walne Zgromadzenie celem uzupe\u0142nienia sk\u0142adu Zarz\u0105du. Przepis powy\u017cszy dotyczy tak\u017ce Komisji Rewizyjnej i S\u0105du Kole\u017ce\u0144skiego.<\/li>\n<\/ul>\n\n\n\n<ul class=\"wp-block-list\">\n<li>32. Komisja Rewizyjna dzia\u0142a w sk\u0142adzie trzech os\u00f3b. Na czele Komisji Rewizyjnej stoi przewodnicz\u0105cy, w miar\u0119 mo\u017cliwo\u015bci posiadaj\u0105cy elementarn\u0105 wiedz\u0119 ekonomiczn\u0105.<\/li>\n<\/ul>\n\n\n\n<ul class=\"wp-block-list\">\n<li>33. Komisja Rewizyjna przeprowadza kontrol\u0119 raz na sze\u015b\u0107 miesi\u0119cy, kontrola obejmuje ca\u0142okszta\u0142t dzia\u0142ania Stowarzyszenia, ze szczeg\u00f3lnym uwzgl\u0119dnieniem dzia\u0142alno\u015bci finansowo-gospodarczej pod wzgl\u0119dem celowo\u015bci i gospodarno\u015bci.<\/li>\n<\/ul>\n\n\n\n<ul class=\"wp-block-list\">\n<li>34. Cz\u0142onkowie Komisji Rewizyjnej mog\u0105 bra\u0107 udzia\u0142 w posiedzeniu Zarz\u0105du z g\u0142osem doradczym.<\/li>\n<\/ul>\n\n\n\n<ul class=\"wp-block-list\">\n<li>35. S\u0105d Kole\u017ce\u0144ski sk\u0142ada si\u0119 od 3 do 5 os\u00f3b. Do rozstrzygania spraw S\u0105d ustala 3-osobowy zesp\u00f3\u0142 orzekaj\u0105cy. S\u0105d Kole\u017ce\u0144ski dzia\u0142a tylko przy w\u0142adzach naczelnych Stowarzyszenia.<\/li>\n<\/ul>\n\n\n\n<ul class=\"wp-block-list\">\n<li>36. S\u0105d Kole\u017ce\u0144ski rozpatruje wszystkie spory mi\u0119dzy cz\u0142onkami Stowarzyszenia wynikaj\u0105ce z cz\u0142onkostwa w Stowarzyszeniu.<\/li>\n<\/ul>\n\n\n\n<ul class=\"wp-block-list\">\n<li>37. S\u0105d Kole\u017ce\u0144ski dzia\u0142a na podstawie zasadniczych kanon\u00f3w prawa uznawanych w pa\u0144stwach cywilizowanych. W razie w\u0105tpliwo\u015bci stosuje si\u0119 przepisy procesowe zawarte w kodeksie post\u0119powania cywilnego.<\/li>\n<\/ul>\n\n\n\n<ul class=\"wp-block-list\">\n<li>38. S\u0105d Kole\u017ce\u0144ski mo\u017ce stosowa\u0107 nast\u0119puj\u0105ce kary:<\/li>\n<\/ul>\n\n\n\n<p>\u2013 zawieszenia w prawach cz\u0142onka na czas okre\u015blony,<\/p>\n\n\n\n<p>\u2013 propozycje wykluczenia cz\u0142onka zatwierdza najbli\u017csze Walne Zgromadzenie.<\/p>\n\n\n\n<p><strong>Rozdzia\u0142 V<\/strong><\/p>\n\n\n\n<p><strong>Maj\u0105tek i fundusze Stowarzyszenia.<\/strong><\/p>\n\n\n\n<ul class=\"wp-block-list\">\n<li>39. Maj\u0105tek Stowarzyszenia stanowi\u0105: nieruchomo\u015bci, ruchomo\u015bci i fundusze.<\/li>\n<\/ul>\n\n\n\n<ul class=\"wp-block-list\">\n<li>40. Na fundusz Stowarzyszenia sk\u0142adaj\u0105 si\u0119: wpisowe i sk\u0142adki cz\u0142onkowskie, dotacje, zapisy i darowizny, inne wp\u0142ywy z dzia\u0142alno\u015bci statutowej Stowarzyszenia.<\/li>\n<\/ul>\n\n\n\n<ul class=\"wp-block-list\">\n<li>41. Wszelkie dokumenty dotycz\u0105ce spraw maj\u0105tkowych sporz\u0105dzane s\u0105 i po\u015bwiadczane przez trzech upowa\u017cnionych cz\u0142onk\u00f3w Zarz\u0105du, w tym skarbnika. Pisemna forma po\u015bwiadczenia przekazywania finans\u00f3w i innych d\u00f3br materialnych nie mo\u017ce by\u0107 uchylona.<\/li>\n<\/ul>\n\n\n\n<p><strong>Rozdzia\u0142 VI<\/strong><\/p>\n\n\n\n<p><strong>Zmiany Statutu i rozwi\u0105zanie si\u0119 Stowarzyszenia.<\/strong><\/p>\n\n\n\n<ul class=\"wp-block-list\">\n<li>42. Uchwa\u0142\u0119 o zmianie Statutu podejmuje Walne Zgromadzenie cz\u0142onk\u00f3w Stowarzyszenia wi\u0119kszo\u015bci\u0105 2\/3 g\u0142os\u00f3w.<\/li>\n<\/ul>\n\n\n\n<ul class=\"wp-block-list\">\n<li>43. Uchwa\u0142\u0119 o rozwi\u0105zaniu si\u0119 Stowarzyszenia podejmuje Walne Zgromadzenie wi\u0119kszo\u015bci\u0105 2\/3 g\u0142os\u00f3w.<\/li>\n<\/ul>\n","protected":false},"excerpt":{"rendered":"<p>STATUT Stowarzyszenie Przyjaci\u00f3\u0142 Wyszkowa, Puszczy Bia\u0142ej i Kamienieckiej Rozdzia\u0142 I Postanowienia og\u00f3lne Kluby zrzeszaj\u0105 od 2 \u2013 6 k\u00f3\u0142. Ko\u0142o reprezentuje przewodnicz\u0105cy. III. W ko\u0142ach licz\u0105cych powy\u017cej 15 cz\u0142onk\u00f3w wybierane s\u0105 Komisje Rewizyjne w 3 -osobowym sk\u0142adzie. Na wniosek Komisji Rewizyjnej mo\u017ce by\u0107 zwo\u0142ane nadzwyczajne Walne Zebranie Ko\u0142a w celu rozwi\u0105zania nieprawid\u0142owo dzia\u0142aj\u0105cego Zarz\u0105du Ko\u0142a, &hellip; <a href=\"http:\/\/flash-com.pl\/spwyszkow\/statut\/\" class=\"more-link\">Czytaj dalej <span class=\"screen-reader-text\">statut<\/span> <span class=\"meta-nav\">&rarr;<\/span><\/a><\/p>\n","protected":false},"author":1,"featured_media":0,"parent":0,"menu_order":0,"comment_status":"closed","ping_status":"closed","template":"","meta":{"footnotes":""},"class_list":["post-23","page","type-page","status-publish","hentry"],"_links":{"self":[{"href":"http:\/\/flash-com.pl\/spwyszkow\/wp-json\/wp\/v2\/pages\/23","targetHints":{"allow":["GET"]}}],"collection":[{"href":"http:\/\/flash-com.pl\/spwyszkow\/wp-json\/wp\/v2\/pages"}],"about":[{"href":"http:\/\/flash-com.pl\/spwyszkow\/wp-json\/wp\/v2\/types\/page"}],"author":[{"embeddable":true,"href":"http:\/\/flash-com.pl\/spwyszkow\/wp-json\/wp\/v2\/users\/1"}],"replies":[{"embeddable":true,"href":"http:\/\/flash-com.pl\/spwyszkow\/wp-json\/wp\/v2\/comments?post=23"}],"version-history":[{"count":2,"href":"http:\/\/flash-com.pl\/spwyszkow\/wp-json\/wp\/v2\/pages\/23\/revisions"}],"predecessor-version":[{"id":87,"href":"http:\/\/flash-com.pl\/spwyszkow\/wp-json\/wp\/v2\/pages\/23\/revisions\/87"}],"wp:attachment":[{"href":"http:\/\/flash-com.pl\/spwyszkow\/wp-json\/wp\/v2\/media?parent=23"}],"curies":[{"name":"wp","href":"https:\/\/api.w.org\/{rel}","templated":true}]}}